   {"id":445,"date":"2025-02-11T09:40:30","date_gmt":"2025-02-11T09:40:30","guid":{"rendered":"https:\/\/www.playadoradaresidence.com\/?page_id=445"},"modified":"2025-03-18T15:43:28","modified_gmt":"2025-03-18T15:43:28","slug":"passionnes-de-velo","status":"publish","type":"page","link":"https:\/\/www.playadoradaresidence.com\/fr\/vos-vacances\/passionnes-de-velo\/","title":{"rendered":"Passionn\u00e9s de v\u00e9lo"},"content":{"rendered":"<p>D\u00e9couvrez le plaisir de vacances sur deux roues, immerg\u00e9s dans la nature et la beaut\u00e9 du territoire. Notre \u00e9tablissement est con\u00e7u pour les amateurs de v\u00e9lo, avec des itin\u00e9raires cyclables exclusifs, des options de location de v\u00e9los \u00e0 proximit\u00e9 et des services d\u00e9di\u00e9s. Que vous soyez un cycliste expert ou un passionn\u00e9 qui aime explorer de nouveaux itin\u00e9raires, vous trouverez l&rsquo;exp\u00e9rience id\u00e9ale pour profiter de la libert\u00e9 de p\u00e9daler et d\u00e9couvrir des coins cach\u00e9s, loin du stress.<\/p>\n","protected":false},"excerpt":{"rendered":"<p>D\u00e9couvrez le plaisir de vacances sur deux roues, immerg\u00e9s dans la nature et la beaut\u00e9 du territoire. Notre \u00e9tablissement est con\u00e7u pour les amateurs de v\u00e9lo, avec des itin\u00e9raires cyclables exclusifs, des options de location de v\u00e9los \u00e0 proximit\u00e9 et des services d\u00e9di\u00e9s. Que vous soyez un cycliste expert ou un passionn\u00e9 qui aime explorer [&hellip;]<\/p>\n","protected":false},"author":13,"featured_media":0,"parent":442,"menu_order":5,"comment_status":"closed","ping_status":"closed","template":"template-your-holiday.php","meta":{"footnotes":""},"yoast_head":"<!-- This site is optimized with the Yoast SEO plugin v22.3 - https:\/\/yoast.com\/wordpress\/plugins\/seo\/ -->\n<title>Passionn\u00e9s de v\u00e9lo - Playa Dorada Residence -<\/title>\n<meta name=\"description\" content=\"D\u00e9couvrez le plaisir de vacances sur deux roues, immerg\u00e9s dans la nature et la beaut\u00e9 du territoire. Notre \u00e9tablissement est con\u00e7u pour les amateurs de v\u00e9lo, avec des itin\u00e9raires cyclables exclusifs, des options de location de v\u00e9los \u00e0 proximit\u00e9 et des services d\u00e9di\u00e9s\" \/>\n<meta name=\"robots\" content=\"index, follow, max-snippet:-1, max-image-preview:large, max-video-preview:-1\" \/>\n<link rel=\"canonical\" href=\"https:\/\/www.playadoradaresidence.com\/fr\/vos-vacances\/passionnes-de-velo\/\" \/>\n<meta property=\"og:locale\" content=\"fr_FR\" \/>\n<meta property=\"og:type\" content=\"article\" \/>\n<meta property=\"og:title\" content=\"Passionn\u00e9s de v\u00e9lo - Playa Dorada Residence -\" \/>\n<meta property=\"og:description\" content=\"D\u00e9couvrez le plaisir de vacances sur deux roues, immerg\u00e9s dans la nature et la beaut\u00e9 du territoire. Notre \u00e9tablissement est con\u00e7u pour les amateurs de v\u00e9lo, avec des itin\u00e9raires cyclables exclusifs, des options de location de v\u00e9los \u00e0 proximit\u00e9 et des services d\u00e9di\u00e9s\" \/>\n<meta property=\"og:url\" content=\"https:\/\/www.playadoradaresidence.com\/fr\/vos-vacances\/passionnes-de-velo\/\" \/>\n<meta property=\"og:site_name\" content=\"Playa Dorada Residence\" \/>\n<meta property=\"article:publisher\" content=\"https:\/\/facebook.com\/tomasitourism\" \/>\n<meta property=\"article:modified_time\" content=\"2025-03-18T15:43:28+00:00\" \/>\n<meta property=\"og:image\" content=\"https:\/\/www.playadoradaresidence.com\/wp-content\/uploads\/sites\/209\/2025\/02\/playa_dorada_home_slide02.jpg\" \/>\n\t<meta property=\"og:image:width\" content=\"2200\" \/>\n\t<meta property=\"og:image:height\" content=\"1200\" \/>\n\t<meta property=\"og:image:type\" content=\"image\/jpeg\" \/>\n<meta name=\"twitter:card\" content=\"summary_large_image\" \/>\n<meta name=\"twitter:label1\" content=\"Dur\u00e9e de lecture estim\u00e9e\" \/>\n\t<meta name=\"twitter:data1\" content=\"1 minute\" \/>\n<script type=\"application\/ld+json\" class=\"yoast-schema-graph\">{\"@context\":\"https:\/\/schema.org\",\"@graph\":[{\"@type\":\"WebPage\",\"@id\":\"https:\/\/www.playadoradaresidence.com\/fr\/vos-vacances\/passionnes-de-velo\/\",\"url\":\"https:\/\/www.playadoradaresidence.com\/fr\/vos-vacances\/passionnes-de-velo\/\",\"name\":\"Passionn\u00e9s de v\u00e9lo - Playa Dorada Residence -\",\"isPartOf\":{\"@id\":\"https:\/\/www.playadoradaresidence.com\/fr\/#website\"},\"datePublished\":\"2025-02-11T09:40:30+00:00\",\"dateModified\":\"2025-03-18T15:43:28+00:00\",\"description\":\"D\u00e9couvrez le plaisir de vacances sur deux roues, immerg\u00e9s dans la nature et la beaut\u00e9 du territoire. Notre \u00e9tablissement est con\u00e7u pour les amateurs de v\u00e9lo, avec des itin\u00e9raires cyclables exclusifs, des options de location de v\u00e9los \u00e0 proximit\u00e9 et des services d\u00e9di\u00e9s\",\"breadcrumb\":{\"@id\":\"https:\/\/www.playadoradaresidence.com\/fr\/vos-vacances\/passionnes-de-velo\/#breadcrumb\"},\"inLanguage\":\"fr-FR\",\"potentialAction\":[{\"@type\":\"ReadAction\",\"target\":[\"https:\/\/www.playadoradaresidence.com\/fr\/vos-vacances\/passionnes-de-velo\/\"]}]},{\"@type\":\"BreadcrumbList\",\"@id\":\"https:\/\/www.playadoradaresidence.com\/fr\/vos-vacances\/passionnes-de-velo\/#breadcrumb\",\"itemListElement\":[{\"@type\":\"ListItem\",\"position\":1,\"name\":\"Home\",\"item\":\"https:\/\/www.playadoradaresidence.com\/fr\/\"},{\"@type\":\"ListItem\",\"position\":2,\"name\":\"Vos vacances\",\"item\":\"https:\/\/www.playadoradaresidence.com\/fr\/vos-vacances\/\"},{\"@type\":\"ListItem\",\"position\":3,\"name\":\"Passionn\u00e9s de v\u00e9lo\"}]},{\"@type\":\"WebSite\",\"@id\":\"https:\/\/www.playadoradaresidence.com\/fr\/#website\",\"url\":\"https:\/\/www.playadoradaresidence.com\/fr\/\",\"name\":\"Playa Dorada Residence\",\"description\":\"\",\"publisher\":{\"@id\":\"https:\/\/www.playadoradaresidence.com\/fr\/#organization\"},\"potentialAction\":[{\"@type\":\"SearchAction\",\"target\":{\"@type\":\"EntryPoint\",\"urlTemplate\":\"https:\/\/www.playadoradaresidence.com\/fr\/?s={search_term_string}\"},\"query-input\":\"required name=search_term_string\"}],\"inLanguage\":\"fr-FR\"},{\"@type\":\"Organization\",\"@id\":\"https:\/\/www.playadoradaresidence.com\/fr\/#organization\",\"name\":\"Playa Dorada Residence\",\"url\":\"https:\/\/www.playadoradaresidence.com\/fr\/\",\"logo\":{\"@type\":\"ImageObject\",\"inLanguage\":\"fr-FR\",\"@id\":\"https:\/\/www.playadoradaresidence.com\/fr\/#\/schema\/logo\/image\/\",\"url\":\"https:\/\/www.playadoradaresidence.com\/wp-content\/uploads\/sites\/209\/2025\/01\/Playa_dorada.png\",\"contentUrl\":\"https:\/\/www.playadoradaresidence.com\/wp-content\/uploads\/sites\/209\/2025\/01\/Playa_dorada.png\",\"width\":218,\"height\":54,\"caption\":\"Playa Dorada Residence\"},\"image\":{\"@id\":\"https:\/\/www.playadoradaresidence.com\/fr\/#\/schema\/logo\/image\/\"},\"sameAs\":[\"https:\/\/facebook.com\/tomasitourism\",\"https:\/\/www.instagram.com\/tomasitourism\/\"]}]}<\/script>\n<!-- \/ Yoast SEO plugin. -->","yoast_head_json":{"title":"Passionn\u00e9s de v\u00e9lo - Playa Dorada Residence -","description":"D\u00e9couvrez le plaisir de vacances sur deux roues, immerg\u00e9s dans la nature et la beaut\u00e9 du territoire. Notre \u00e9tablissement est con\u00e7u pour les amateurs de v\u00e9lo, avec des itin\u00e9raires cyclables exclusifs, des options de location de v\u00e9los \u00e0 proximit\u00e9 et des services d\u00e9di\u00e9s","robots":{"index":"index","follow":"follow","max-snippet":"max-snippet:-1","max-image-preview":"max-image-preview:large","max-video-preview":"max-video-preview:-1"},"canonical":"https:\/\/www.playadoradaresidence.com\/fr\/vos-vacances\/passionnes-de-velo\/","og_locale":"fr_FR","og_type":"article","og_title":"Passionn\u00e9s de v\u00e9lo - Playa Dorada Residence -","og_description":"D\u00e9couvrez le plaisir de vacances sur deux roues, immerg\u00e9s dans la nature et la beaut\u00e9 du territoire. Notre \u00e9tablissement est con\u00e7u pour les amateurs de v\u00e9lo, avec des itin\u00e9raires cyclables exclusifs, des options de location de v\u00e9los \u00e0 proximit\u00e9 et des services d\u00e9di\u00e9s","og_url":"https:\/\/www.playadoradaresidence.com\/fr\/vos-vacances\/passionnes-de-velo\/","og_site_name":"Playa Dorada Residence","article_publisher":"https:\/\/facebook.com\/tomasitourism","article_modified_time":"2025-03-18T15:43:28+00:00","og_image":[{"width":2200,"height":1200,"url":"https:\/\/www.playadoradaresidence.com\/wp-content\/uploads\/sites\/209\/2025\/02\/playa_dorada_home_slide02.jpg","type":"image\/jpeg"}],"twitter_card":"summary_large_image","twitter_misc":{"Dur\u00e9e de lecture estim\u00e9e":"1 minute"},"schema":{"@context":"https:\/\/schema.org","@graph":[{"@type":"WebPage","@id":"https:\/\/www.playadoradaresidence.com\/fr\/vos-vacances\/passionnes-de-velo\/","url":"https:\/\/www.playadoradaresidence.com\/fr\/vos-vacances\/passionnes-de-velo\/","name":"Passionn\u00e9s de v\u00e9lo - Playa Dorada Residence -","isPartOf":{"@id":"https:\/\/www.playadoradaresidence.com\/fr\/#website"},"datePublished":"2025-02-11T09:40:30+00:00","dateModified":"2025-03-18T15:43:28+00:00","description":"D\u00e9couvrez le plaisir de vacances sur deux roues, immerg\u00e9s dans la nature et la beaut\u00e9 du territoire. Notre \u00e9tablissement est con\u00e7u pour les amateurs de v\u00e9lo, avec des itin\u00e9raires cyclables exclusifs, des options de location de v\u00e9los \u00e0 proximit\u00e9 et des services d\u00e9di\u00e9s","breadcrumb":{"@id":"https:\/\/www.playadoradaresidence.com\/fr\/vos-vacances\/passionnes-de-velo\/#breadcrumb"},"inLanguage":"fr-FR","potentialAction":[{"@type":"ReadAction","target":["https:\/\/www.playadoradaresidence.com\/fr\/vos-vacances\/passionnes-de-velo\/"]}]},{"@type":"BreadcrumbList","@id":"https:\/\/www.playadoradaresidence.com\/fr\/vos-vacances\/passionnes-de-velo\/#breadcrumb","itemListElement":[{"@type":"ListItem","position":1,"name":"Home","item":"https:\/\/www.playadoradaresidence.com\/fr\/"},{"@type":"ListItem","position":2,"name":"Vos vacances","item":"https:\/\/www.playadoradaresidence.com\/fr\/vos-vacances\/"},{"@type":"ListItem","position":3,"name":"Passionn\u00e9s de v\u00e9lo"}]},{"@type":"WebSite","@id":"https:\/\/www.playadoradaresidence.com\/fr\/#website","url":"https:\/\/www.playadoradaresidence.com\/fr\/","name":"Playa Dorada Residence","description":"","publisher":{"@id":"https:\/\/www.playadoradaresidence.com\/fr\/#organization"},"potentialAction":[{"@type":"SearchAction","target":{"@type":"EntryPoint","urlTemplate":"https:\/\/www.playadoradaresidence.com\/fr\/?s={search_term_string}"},"query-input":"required name=search_term_string"}],"inLanguage":"fr-FR"},{"@type":"Organization","@id":"https:\/\/www.playadoradaresidence.com\/fr\/#organization","name":"Playa Dorada Residence","url":"https:\/\/www.playadoradaresidence.com\/fr\/","logo":{"@type":"ImageObject","inLanguage":"fr-FR","@id":"https:\/\/www.playadoradaresidence.com\/fr\/#\/schema\/logo\/image\/","url":"https:\/\/www.playadoradaresidence.com\/wp-content\/uploads\/sites\/209\/2025\/01\/Playa_dorada.png","contentUrl":"https:\/\/www.playadoradaresidence.com\/wp-content\/uploads\/sites\/209\/2025\/01\/Playa_dorada.png","width":218,"height":54,"caption":"Playa Dorada Residence"},"image":{"@id":"https:\/\/www.playadoradaresidence.com\/fr\/#\/schema\/logo\/image\/"},"sameAs":["https:\/\/facebook.com\/tomasitourism","https:\/\/www.instagram.com\/tomasitourism\/"]}]}},"acf":[],"_links":{"self":[{"href":"https:\/\/www.playadoradaresidence.com\/fr\/wp-json\/wp\/v2\/pages\/445"}],"collection":[{"href":"https:\/\/www.playadoradaresidence.com\/fr\/wp-json\/wp\/v2\/pages"}],"about":[{"href":"https:\/\/www.playadoradaresidence.com\/fr\/wp-json\/wp\/v2\/types\/page"}],"author":[{"embeddable":true,"href":"https:\/\/www.playadoradaresidence.com\/fr\/wp-json\/wp\/v2\/users\/13"}],"replies":[{"embeddable":true,"href":"https:\/\/www.playadoradaresidence.com\/fr\/wp-json\/wp\/v2\/comments?post=445"}],"version-history":[{"count":0,"href":"https:\/\/www.playadoradaresidence.com\/fr\/wp-json\/wp\/v2\/pages\/445\/revisions"}],"up":[{"embeddable":true,"href":"https:\/\/www.playadoradaresidence.com\/fr\/wp-json\/wp\/v2\/pages\/442"}],"wp:attachment":[{"href":"https:\/\/www.playadoradaresidence.com\/fr\/wp-json\/wp\/v2\/media?parent=445"}],"curies":[{"name":"wp","href":"https:\/\/api.w.org\/{rel}","templated":true}]}}